{"id":7082,"date":"2019-09-04T10:20:42","date_gmt":"2019-09-04T10:20:42","guid":{"rendered":"https:\/\/www.diegocoquillat.com\/consultoria\/?page_id=7082"},"modified":"2020-07-31T10:32:07","modified_gmt":"2020-07-31T10:32:07","slug":"politica-de-privacidad","status":"publish","type":"page","link":"https:\/\/www.diegocoquillat.com\/consultoria\/politica-de-privacidad\/","title":{"rendered":"Pol\u00edtica de Privacidad"},"content":{"rendered":"<p align=\"justify\"><span lang=\"es-ES\">Con el objeto de garantizar y proteger la privacidad y la confidencialidad de los datos de car\u00e1cter personal de los Usuarios de nuestra p\u00e1gina web y con el fin de proteger su intimidad y privacidad, hemos redactado, de conformidad con la legislaci\u00f3n vigente, la presente Pol\u00edtica de Privacidad.<\/span><\/p>\n<p align=\"justify\"><span lang=\"es-ES\">Los t\u00e9rminos recogidos a continuaci\u00f3n y en especial el deber de confidencialidad ser\u00e1n de obligado cumplimiento para todo el personal interno o externo que trabaje o pudiera trabajar con nosotros y que tengan acceso a los datos que nos facilites, bien durante la navegaci\u00f3n en nuestra Web, por la utilizaci\u00f3n de nuestros formularios o durante la contrataci\u00f3n o prestaci\u00f3n de los servicios.<\/span><\/p>\n<p align=\"justify\"><span lang=\"es-ES\">Nos reservamos el derecho a modificar el contenido de la presente Pol\u00edtica de Privacidad, con el objeto de adaptarlo a las novedades legislativas o jurisprudenciales, as\u00ed como a los informes o dict\u00e1menes emitidos por la Agencia Espa\u00f1ola de Protecci\u00f3n de Datos, el Grupo de Trabajo del Art\u00edculo 29 o el Comit\u00e9 Europeo de Protecci\u00f3n de Datos (CEPD).<\/span><\/p>\n<p align=\"justify\"><span lang=\"es-ES\">En caso de que vayamos a utilizar los datos personales de los Usuarios, Clientes o Potenciales Clientes, de una manera distinta a lo establecido en la Pol\u00edtica de Privacidad vigente al momento de facilitarnos los datos; o en caso de que vayamos a tratarlos con finalidades distintas a las indicadas en el momento en que nos facilites tus datos, haremos el esfuerzo posible para contactarte como afectado, para informarte y recabar de nuevo el consentimiento. En caso contrario, no usaremos los datos para finalidades distintas.<\/span><\/p>\n<p align=\"justify\"><span lang=\"es-ES\">Aconsejamos a los Usuarios que, cada vez que accedan a nuestra p\u00e1gina web, revisen el presente texto para cerciorarse de las finalidades y utilizaciones que podemos hacer de sus datos.<\/span><\/p>\n<p align=\"justify\"><span lang=\"es-ES\">La presente Pol\u00edtica de Privacidad, formar\u00e1 parte y estar\u00e1 unida de forma permanente a lo dispuesto en nuestro <\/span><span lang=\"es-ES\">Aviso Legal<\/span><span lang=\"es-ES\">, en l<\/span><span lang=\"es-ES\">as <\/span><span lang=\"es-ES\">Condiciones Legales del servicio contratado<\/span> <span lang=\"es-ES\">y en nuestra <\/span><span lang=\"es-ES\">Pol\u00edtica de <\/span><span lang=\"es-ES\">Cookies<\/span><span lang=\"es-ES\">,<\/span><span lang=\"es-ES\"> estos textos est\u00e1n <\/span><span lang=\"es-ES\">a <\/span><span lang=\"es-ES\">disposici\u00f3n <\/span><span lang=\"es-ES\">de <\/span><span lang=\"es-ES\">los <\/span><span lang=\"es-ES\">usuarios <\/span><span lang=\"es-ES\">en <\/span><span lang=\"es-ES\">nuestra p\u00e1gina <\/span><span lang=\"es-ES\">Web <\/span><span lang=\"es-ES\">y <\/span><span lang=\"es-ES\">de <\/span><span lang=\"es-ES\">los <\/span><span lang=\"es-ES\">que <\/span><span lang=\"es-ES\">aconsejamos su lectura.<\/span><\/p>\n<p align=\"justify\"><span lang=\"es-ES\">En todo momento indicaremos la fecha de la \u00faltima actualizaci\u00f3n de la Pol\u00edtica de Privacidad para que los Usuarios conozcan el contenido efectivo que se les aplica y la fecha de la \u00faltima revisi\u00f3n.<\/span><\/p>\n<p align=\"justify\"><span lang=\"es-ES\">Esta Pol\u00edtica <\/span><span lang=\"es-ES\">de <\/span><span lang=\"es-ES\">Privacidad <\/span><span lang=\"es-ES\">se <\/span><span lang=\"es-ES\">encuentra <\/span><span lang=\"es-ES\">adaptada al Reglamento (UE) 2016\/679 del Parlamento Europeo y del Consejo, de 27 de abril de 2016, relativo a la protecci\u00f3n de las personas f\u00edsicas en lo que respecta al tratamiento de datos personales y a la libre circulaci\u00f3n de estos datos (en adelante <\/span><strong><span lang=\"es-ES\">RGPD<\/span><\/strong><span lang=\"es-ES\">) y la Ley Org\u00e1nica 3\/2018, de 5 de diciembre, de Protecci\u00f3n de Datos Personales y garant\u00eda de los derechos digitales (en adelante <\/span><strong><span lang=\"es-ES\">LOPDGDD<\/span><\/strong><span lang=\"es-ES\">).<\/span><\/p>\n<p><strong><span lang=\"es-ES\">RESPONSABLES DEL TRATAMIENTO.<\/span><\/strong><\/p>\n<p align=\"justify\"><span lang=\"es-ES\">Los <\/span><span lang=\"es-ES\">responsables <\/span><span lang=\"es-ES\">del <\/span><span lang=\"es-ES\">tratamiento <\/span><span lang=\"es-ES\">de los <\/span><span lang=\"es-ES\">datos <\/span><span lang=\"es-ES\">que se <\/span><span lang=\"es-ES\">recopilan, tratan <\/span><span lang=\"es-ES\">y <\/span><span lang=\"es-ES\">almacenan <\/span><span lang=\"es-ES\">a <\/span><span lang=\"es-ES\">trav\u00e9s <\/span><span lang=\"es-ES\">de <\/span><span lang=\"es-ES\">esta <\/span><span lang=\"es-ES\">p\u00e1gina web y con ocasi\u00f3n de los servicios prestados y contratados a trav\u00e9s de la misma, son <\/span><strong><span lang=\"es-ES\">DIELEN SIGLO XXI, S.L<\/span><span lang=\"es-ES\">.<\/span><span lang=\"es-ES\">\u00a0(en adelante ESCUELA DIEGO COQUILLAT)<\/span><\/strong><span lang=\"es-ES\">, con NIF B-54708433<\/span><span lang=\"es-ES\">, quien realizar\u00e1 un tratamiento independiente de los datos tratados y recogidos en la presente web, con domicilio a efectos de comunicaciones en la C\/ Puente Ortices, n\u00ba7-2\u00aa izq de Elche (Alicante). Correo electr\u00f3nico: info@diegocoquillat.com y tel\u00e9fono (+34) 640 133 240<\/span><\/p>\n<p><strong><span lang=\"es-ES\">TRATAMIENTO DE DATOS.<\/span><\/strong><\/p>\n<p align=\"justify\"><span lang=\"es-ES\">Los datos de car\u00e1cter personal que se soliciten en su caso consistir\u00e1n en aquellos que sean imprescindibles para identificar y atender la solicitud del titular de los datos, resolver cuestiones planteadas y prestar los servicios contratados, siendo dichos datos recogidos para finalidades determinadas expl\u00edcitas y leg\u00edtimas y no siendo tratados dichos datos de manera incompatible con las finalidades indicadas.<\/span><\/p>\n<p align=\"justify\"><span lang=\"es-ES\">El titular de los datos ser\u00e1 informado por <\/span><strong><span lang=\"es-ES\">ESCUELA DIEGO COQUILLAT<\/span><\/strong><span lang=\"es-ES\">, antes de la recogida de sus datos, de los extremos establecidos en esta Pol\u00edtica de Privacidad, de manera que pueda prestar consentimiento expreso, preciso e inequ\u00edvoco para el tratamiento de sus datos.<\/span><\/p>\n<p><strong><span lang=\"es-ES\">PROCEDENCIA DE DATOS.<\/span><\/strong><\/p>\n<p align=\"justify\"><span lang=\"es-ES\">En primer lugar, es importante que los Usuarios tengan presente que, cuando se proporciona informaci\u00f3n personal en l\u00ednea (por ejemplo, a trav\u00e9s del correo electr\u00f3nico o a trav\u00e9s de Internet), \u00e9sta puede ser recogida y utilizada por otros.<\/span><\/p>\n<p align=\"justify\"><span lang=\"es-ES\">Es por ello que, <\/span><strong><span lang=\"es-ES\">ESCUELA DIEGO COQUILLAT <\/span><\/strong><span lang=\"es-ES\">no se responsabiliza de que dicha informaci\u00f3n pueda ser recopilada, almacenada y\/o tratada por un tercero no autorizado, pues ha adoptado las medidas de seguridad que est\u00e1n a su alcance para que esto no pase.<\/span><\/p>\n<p align=\"justify\"><span lang=\"es-ES\">La procedencia de los datos que tratamos y almacenamos puede venir de diferentes lugares:<\/span><\/p>\n<p align=\"justify\"><span lang=\"es-ES\">A trav\u00e9s de nuestra p\u00e1gina web recogemos datos de car\u00e1cter personal de aquellos Usuarios que decidan voluntariamente cumplimentar los campos obligatorios que hemos incorporado en cada uno de los <\/span><strong><span lang=\"es-ES\">formularios de nuestra p\u00e1gina web<\/span><\/strong><span lang=\"es-ES\">.<\/span><\/p>\n<p align=\"justify\"><span lang=\"es-ES\">Con estos formularios, los Usuarios, podr\u00e1n realizar una consulta, solicitar m\u00e1s informaci\u00f3n, y recibir, si as\u00ed lo autorizan expresamente, publicidad y boletines informativos, as\u00ed como inscribirse a los cursos impartidos por la <\/span><strong><span lang=\"es-ES\">ESCUELA DIEGO COQUILLAT<\/span><\/strong><span lang=\"es-ES\">. A trav\u00e9s de estos formularios, los Usuarios nos facilitan sus datos y consienten el tratamiento de los mismos conforme a las finalidades indicadas en el momento de cumplimentar el formulario.<\/span><\/p>\n<p align=\"justify\"><span lang=\"es-ES\">Los Usuarios ser\u00e1n responsables de la veracidad y autenticidad de los datos que nos faciliten a trav\u00e9s de nuestros formularios, siendo su obligaci\u00f3n mantenerlos actualizados en todo momento para evitar errores por nuestra parte. Cualquier manifestaci\u00f3n falsa o inexacta que se produzca como consecuencia de las informaciones y datos entregados a trav\u00e9s de dichos formularios, ser\u00e1 responsabilidad del Usuario.<\/span><\/p>\n<p align=\"justify\"><span lang=\"es-ES\">Tambi\u00e9n puede venir informaci\u00f3n a trav\u00e9s de los correos electr\u00f3nicos que recibimos en info@diegocoquillat.com, por lo que informamos a los Usuarios que, el prestador de servicio de correo electr\u00f3nico de ESCUELA DIEGO COQUILLAT, es Google Ireland Limited (en adelante, \u00abGoogle\u00bb), una compa\u00f1\u00eda establecida y que opera bajo las leyes de Irlanda (con n\u00famero de registro: 368047), y situada en Gordon House, Barrow Street, Dubl\u00edn 4, Irlanda.<\/span><\/p>\n<p align=\"justify\"><span lang=\"es-ES\">A su vez<\/span> <span lang=\"es-ES\">informamos<\/span> <span lang=\"es-ES\">a<\/span> <span lang=\"es-ES\">los<\/span> <span lang=\"es-ES\">usuarios, que el <\/span><strong><span lang=\"es-ES\">prestador de servicio de hosting<\/span><\/strong> <span lang=\"es-ES\">de los dominio <a href=\"http:\/\/www.escueladiegocoquillat.com\">www.escueladiegocoquillat.com<\/a> y <a href=\"http:\/\/www.diegocoquillat.com\">www.diegocoquillat.com<\/a>, es <\/span><strong><span lang=\"es-ES\">CYBERNETICOS HOSTING, S.L<\/span><\/strong><span lang=\"es-ES\"><strong>.<\/strong>, con CIF B91647842 y con domicilio social en Calle Varadero 3 PL 1 Parque Industrial \u00abEl Palmar\u00bb El Puerto de Santa Mar\u00eda C\u00e1diz, 11500 C\u00e1diz Espa\u00f1a. <\/span><\/p>\n<p align=\"justify\"><span lang=\"es-ES\">A trav\u00e9s de nuestra p\u00e1gina Web, es posible que se pueda acceder a sitios Web de terceros, como <a href=\"http:\/\/www.stripe.com\">Stripe<\/a>, para el pago<\/span> <span lang=\"es-ES\">de<\/span> <span lang=\"es-ES\">los<\/span> <span lang=\"es-ES\">servicios<\/span> <span lang=\"es-ES\">encargados<\/span> <span lang=\"es-ES\">con<\/span> <span lang=\"es-ES\">tarjeta<\/span> <span lang=\"es-ES\">Mastercard,<\/span> <span lang=\"es-ES\">Visa<\/span> <span lang=\"es-ES\">y<\/span> <span lang=\"es-ES\">Visa<\/span> <span lang=\"es-ES\">Electron,<\/span> <span lang=\"es-ES\">para<\/span> <span lang=\"es-ES\">realizar<\/span> <span lang=\"es-ES\">el<\/span> <span lang=\"es-ES\">pago<\/span> <span lang=\"es-ES\">a<\/span> <span lang=\"es-ES\">trav\u00e9s<\/span> <span lang=\"es-ES\">de esta<\/span> <span lang=\"es-ES\">empresa.<\/span> <span lang=\"es-ES\">Ahora<\/span> <span lang=\"es-ES\">bien,<\/span><span lang=\"es-ES\"> ESCUELA DIEGO COQUILLAT <\/span><span lang=\"es-ES\">no<\/span> <span lang=\"es-ES\">acceder\u00e1<\/span> <span lang=\"es-ES\">nunca<\/span> <span lang=\"es-ES\">a<\/span> <span lang=\"es-ES\">los<\/span> <span lang=\"es-ES\">datos<\/span> <span lang=\"es-ES\">bancarios<\/span> <span lang=\"es-ES\">que<\/span> <span lang=\"es-ES\">el<\/span> <span lang=\"es-ES\">cliente<\/span> <span lang=\"es-ES\">facilite<\/span> <span lang=\"es-ES\">a<\/span> <span lang=\"es-ES\">estos<\/span> <span lang=\"es-ES\">terceros.<\/span><\/p>\n<p align=\"justify\"><span lang=\"es-ES\">Por \u00faltimo, tambi\u00e9n damos a los Usuarios la posibilidad de realizar comentarios en el <\/span><span lang=\"es-ES\">blog<\/span><span lang=\"es-ES\"> que <\/span><span lang=\"es-ES\">ESCUELA DIEGO COQUILLAT<\/span><span lang=\"es-ES\"> organiza. La participaci\u00f3n se realizar\u00e1 a trav\u00e9s del formulario de participaci\u00f3n v\u00eda comentario disponible en la parte inferior de cada noticia o entrada en nuestra secci\u00f3n Blog de la p\u00e1gina web. Es imprescindible la lectura de las pol\u00edticas web de esta p\u00e1gina antes de proceder a comentar.<\/span><\/p>\n<p align=\"justify\"><span lang=\"es-ES\">La finalidad del tratamiento de todos estos datos ser\u00e1 la indicada en el momento de la recogida y detallada en el apartado \u201c<\/span><strong><span lang=\"es-ES\">Fines del tratamiento y plazos de conservaci\u00f3n<\/span><\/strong><span lang=\"es-ES\">\u201d de la presente Pol\u00edtica de Privacidad.<\/span><\/p>\n<p align=\"left\"><strong><span lang=\"es-ES\">LEGITIMACI\u00d3N PARA EL TRATAMIENTO DE LOS DATOS.<\/span><\/strong><\/p>\n<p align=\"justify\"><span lang=\"es-ES\">La base legal para el tratamiento de los datos de los Usuarios depender\u00e1 del momento en el que se recojan o traten los datos de car\u00e1cter personal del Usuario, Potencial Cliente o Cliente:<\/span><\/p>\n<p><strong><span lang=\"es-ES\">La base legal para el tratamiento de los datos recogidos a trav\u00e9s del formulario <\/span><span lang=\"es-ES\">de \u201ccontacto\u201d <\/span><span lang=\"es-ES\">ser\u00e1 el consentimiento expreso del interesado (art\u00edculos 6.1.a) RGPD<\/span><span lang=\"es-ES\">. <\/span><\/strong><span lang=\"es-ES\">En el momento rellenar el <\/span><span lang=\"es-ES\">citado formulario, el interesado aceptar\u00e1 lo dispuesto en la presente Pol\u00edtica de Privacidad o cl\u00e1usula espec\u00edfica Estas solicitudes no implican relaci\u00f3n contractual alguna.<\/span><\/p>\n<p><strong><a name=\"_Hlk11662720\"><\/a><span lang=\"es-ES\">La base legal para el tratamiento de los datos recogidos a trav\u00e9s del formulario para el env\u00edo de<\/span> <span lang=\"es-ES\">boletines ser\u00e1 el <\/span><span lang=\"es-ES\">consentimiento expreso del interesado (art\u00edculos 6.1.a) RGPD<\/span><\/strong><span lang=\"es-ES\"><strong>.<\/strong> En el momento rellenar el citado formulario, el interesado aceptar\u00e1 lo dispuesto en la presente Pol\u00edtica de Privacidad o cl\u00e1usula espec\u00edfica.<\/span><\/p>\n<p><strong><span lang=\"es-ES\">La base legal para el tratamiento de los datos recogidos a trav\u00e9s del formulario para participar en el blog es el consentimiento (art 6.1.a) RGPD).<\/span><\/strong><span lang=\"es-ES\"> En el momento rellenar el citado formulario, el participante aceptara lo dispuesto en la presente Pol\u00edtica de Privacidad o cl\u00e1usula espec\u00edfica.<\/span><\/p>\n<p><strong><span lang=\"es-ES\">La<\/span> <span lang=\"es-ES\">base<\/span> <span lang=\"es-ES\">legal<\/span> <span lang=\"es-ES\">para<\/span> <span lang=\"es-ES\">el<\/span> <span lang=\"es-ES\">tratamiento<\/span> <span lang=\"es-ES\">de<\/span> <span lang=\"es-ES\">los<\/span> <span lang=\"es-ES\">datos<\/span> <span lang=\"es-ES\">recogidos<\/span> <span lang=\"es-ES\">a<\/span> <span lang=\"es-ES\">trav\u00e9s<\/span> <span lang=\"es-ES\">del<\/span> <span lang=\"es-ES\">formulario<\/span> <span lang=\"es-ES\">de<\/span><span lang=\"es-ES\"> inscripci\u00f3n al curso o programa de formaci\u00f3n ser\u00e1<\/span> <span lang=\"es-ES\">la<\/span><span lang=\"es-ES\"> relaci\u00f3n contractual o precontractual para el registro de dicho alumno (art\u00edculos 6.1.b) RGPD<\/span><span lang=\"es-ES\">.<\/span><\/strong> <span lang=\"es-ES\">En<\/span> <span lang=\"es-ES\">el<\/span> <span lang=\"es-ES\">momento<\/span> <span lang=\"es-ES\">rellenar<\/span> <span lang=\"es-ES\">el<\/span> <span lang=\"es-ES\">citado<\/span> <span lang=\"es-ES\">formulario,<\/span> <span lang=\"es-ES\">el<\/span> <span lang=\"es-ES\">interesado aceptar\u00e1 lo dispuesto en la presente Pol\u00edtica de Privacidad o cl\u00e1usula<\/span> <span lang=\"es-ES\">espec\u00edfica.<\/span><\/p>\n<p><strong><span lang=\"es-ES\">FINALIDADES DEL TRATAMIENTO Y PLAZOS DE CONSERVACI\u00d3N DE LOS DATOS.<\/span><\/strong><\/p>\n<p align=\"justify\"><span lang=\"es-ES\">Las finalidades para las que se llevar\u00e1n a cabo cada uno de los tratamientos por parte de <\/span><strong><span lang=\"es-ES\">ESCUELA DIEGO COQUILLAT<\/span><\/strong><span lang=\"es-ES\">, vienen establecidas en las diferentes cl\u00e1usulas informativas incorporadas en cada una de las v\u00edas de toma de datos -formularios web, etc.<\/span><\/p>\n<p align=\"justify\"><span lang=\"es-ES\">No obstante, lo anterior, las detallamos \u00edntegramente a continuaci\u00f3n, junto con el per\u00edodo de conservaci\u00f3n de los datos, realizado por <\/span><strong><span lang=\"es-ES\">ESCUELA DIEGO COQUILLAT<\/span><\/strong><span lang=\"es-ES\">:<\/span><\/p>\n<p align=\"justify\"><span lang=\"es-ES\"><strong>Formulario de contacto<\/strong>:<\/span><span lang=\"es-ES\"> Poder <\/span><strong><span lang=\"es-ES\">contactar al Usuario <\/span><\/strong><span lang=\"es-ES\">para resolver la consulta, duda o sugerencia.<\/span><\/p>\n<p align=\"justify\"><a name=\"_Hlk532396634\"><\/a> <span lang=\"es-ES\">Estos datos se conservar\u00e1n sin plazo de supresi\u00f3n y mientras el afectado no manifieste su oposici\u00f3n. Ahora bien, caso de que los correos electr\u00f3nicos conservados tengan que ver con la prestaci\u00f3n de servicios, los mismos se conservar\u00e1n durante todo el tiempo por el que puedan derivarse obligaciones de la relaci\u00f3n contractual. (5 a\u00f1os \u2013 art\u00edculo 1964 del C\u00f3digo Civil).<\/span><\/p>\n<p class=\"western\" align=\"justify\"><a name=\"_Hlk532396793\"><\/a><strong> <span lang=\"es-ES\">Formulario de env\u00edo de boletines y publicidad<\/span><\/strong><span lang=\"es-ES\">: Estos datos ser\u00e1n utilizados por <\/span><strong><span lang=\"es-ES\">ESCUELA DIEGO COQUILLAT<\/span><\/strong><span lang=\"es-ES\"><strong>,<\/strong> para facilitarle informaci\u00f3n y ponerse en contacto con usted en relaci\u00f3n al inter\u00e9s manifestado de recibir boletines y publicidad Estos datos se conservar\u00e1n sin plazo de supresi\u00f3n y mientras el afectado no manifieste su oposici\u00f3n o retire su consentimiento.<\/span><\/p>\n<p align=\"justify\"><strong><span lang=\"es-ES\">Datos recopilados a trav\u00e9s de Cookies<\/span><\/strong><span lang=\"es-ES\">: A trav\u00e9s de las Cookies de las que te informamos en nuestra Pol\u00edtica de Cookies, de la que te recomendamos su lectura, recopilamos datos para personalizar su experiencia y atender mejor sus necesidades individuales, mejorar nuestro sitio Web, permitir compartir comentarios en redes sociales, etc. Estos datos se conservar\u00e1n seg\u00fan lo dispuesto en nuestra Pol\u00edtica de Cookies a la que nos remitimos.<\/span><\/p>\n<p align=\"justify\"><strong><span lang=\"es-ES\">Datos recopilados a trav\u00e9s del formulario de \u201cDeja tu Mensaje\u201d del Blog<\/span><\/strong><span lang=\"es-ES\">: <\/span><span lang=\"es-ES\">Los datos son recogidos con la finalidad de aumentar la veracidad de los comentarios publicados, impidiendo la publicaci\u00f3n de comentarios an\u00f3nimos, as\u00ed como poseer la trazabilidad de los mismos, a los efectos de exigir responsabilidades en el caso de requerirse. <\/span><\/p>\n<p align=\"justify\"><span lang=\"es-ES\">Estos datos se conservar\u00e1n sin plazo de supresi\u00f3n, siempre que el usuario no manifieste su oposici\u00f3n. En todo caso, se podr\u00e1n conservar dichos datos durante el periodo necesario para justificar la procedencia de determinados comentarios en atenci\u00f3n a la responsabilidad del titular de la p\u00e1gina web sobre los mismos.<\/span><\/p>\n<p><strong><span lang=\"es-ES\">OBLIGACI\u00d3N DE FACILITAR LOS DATOS SOLICITADOS.<\/span><\/strong><\/p>\n<p align=\"justify\"><span lang=\"es-ES\">Con el <\/span><span lang=\"es-ES\">objeto <\/span><span lang=\"es-ES\">de <\/span><span lang=\"es-ES\">ejecutar <\/span><span lang=\"es-ES\">de <\/span><span lang=\"es-ES\">forma \u00f3ptima <\/span><span lang=\"es-ES\">los <\/span><span lang=\"es-ES\">servicios, <\/span><span lang=\"es-ES\">los <\/span><span lang=\"es-ES\">Usuarios deber\u00e1n proporcionarnos <\/span><span lang=\"es-ES\">la <\/span><span lang=\"es-ES\">informaci\u00f3n <\/span><span lang=\"es-ES\">y <\/span><span lang=\"es-ES\">datos personales solicitados <\/span><span lang=\"es-ES\">en <\/span><span lang=\"es-ES\">nuestros formularios. <\/span><span lang=\"es-ES\">En <\/span><span lang=\"es-ES\">caso <\/span><span lang=\"es-ES\">de no <\/span><span lang=\"es-ES\">facilitar toda <\/span><span lang=\"es-ES\">la <\/span><span lang=\"es-ES\">informaci\u00f3n solicitada <\/span><span lang=\"es-ES\">y <\/span><span lang=\"es-ES\">marcada <\/span><span lang=\"es-ES\">como <\/span><span lang=\"es-ES\">obligatoria, <\/span><strong><span lang=\"es-ES\">ESCUELA DIEGO COQUILLAT<\/span> <\/strong><span lang=\"es-ES\">no <\/span><span lang=\"es-ES\">podr\u00e1 <\/span><span lang=\"es-ES\">ofrecer<\/span> <span lang=\"es-ES\">sus cursos o programas de formaci\u00f3n <\/span><span lang=\"es-ES\">ni enviar, en su caso, la informaci\u00f3n solicitada y por tanto no se podr\u00e1n prestar los cursos o programas de formaci\u00f3n sobre los que el Usuario est\u00e9 interesado.<\/span><\/p>\n<p><strong><span lang=\"es-ES\">MENORES DE EDAD.<\/span><\/strong><\/p>\n<p align=\"justify\"><span lang=\"es-ES\">En <\/span><strong><span lang=\"es-ES\">ESCUELA DIEGO COQUILLAT<\/span><\/strong><span lang=\"es-ES\">, cumplimos escrupulosamente con los requisitos estipulados en el RGPD y en la LOPDGDD en materia de protecci\u00f3n de datos de menores de edad, por lo que no recopilamos, de forma intencionada, ninguna informaci\u00f3n de menores de 14 a\u00f1os de edad.<\/span><\/p>\n<p align=\"justify\"><span lang=\"es-ES\">Adem\u00e1s, informamos a los Usuarios que, la presente p\u00e1gina Web y la solicitud y contrataci\u00f3n de nuestros cursos o programas de formaci\u00f3n est\u00e1n dirigidos \u00fanicamente a personas mayores de 18 a\u00f1os de edad.<\/span><\/p>\n<p><strong><span lang=\"es-ES\">C\u00d3MO PROTEGEMOS LA INFORMACI\u00d3N DE LOS USUARIOS, POTENCIALES CLIENTES O CLIENTES.<\/span><\/strong><\/p>\n<p align=\"justify\"><span lang=\"es-ES\">Cada uno de los Responsables del tratamiento implementa medidas f\u00edsicas, t\u00e9cnicas y organizativas para mantener la seguridad de los datos personales y tratar de reducir al m\u00ednimo la posibilidad de destrucci\u00f3n accidental o ilegal, la p\u00e9rdida accidental, uso no autorizado, alteraci\u00f3n, modificaci\u00f3n no autorizada, divulgaci\u00f3n y\/o acceso, as\u00ed como cualquier otra forma ilegal de procesamiento de sus datos, de conformidad con lo establecido en el art\u00edculo 32 del RGPD.<\/span><\/p>\n<p align=\"justify\"><span lang=\"es-ES\">En este sentido, y teniendo en cuenta el estado de la t\u00e9cnica, los costes de aplicaci\u00f3n y la naturaleza, el alcance, el contexto y los fines del tratamiento, as\u00ed como los riesgos de probabilidad y gravedad que <\/span><span lang=\"es-ES\">pueden afectar <\/span><span lang=\"es-ES\">a <\/span><span lang=\"es-ES\">los <\/span><span lang=\"es-ES\">derechos <\/span><span lang=\"es-ES\">y <\/span><span lang=\"es-ES\">libertades <\/span><span lang=\"es-ES\">de <\/span><span lang=\"es-ES\">las <\/span><span lang=\"es-ES\">personas f\u00edsicas, <\/span><span lang=\"es-ES\">se <\/span><span lang=\"es-ES\">han <\/span><span lang=\"es-ES\">establecido <\/span><span lang=\"es-ES\">medidas <\/span><span lang=\"es-ES\">apropiadas para garantizar el nivel de seguridad adecuado al riesgo existente.<\/span><\/p>\n<p align=\"justify\"><span lang=\"es-ES\">En todo caso, tienen implementados los mecanismos suficientes para:<\/span><\/p>\n<p align=\"justify\"><span lang=\"es-ES\">Garantizar la confidencialidad, integridad, disponibilidad y resiliencia permanentes de los sistemas y servicios de tratamiento.<\/span><\/p>\n<p align=\"justify\"><span lang=\"es-ES\">Restaurar la disponibilidad y el acceso a los datos personales de forma r\u00e1pida, en caso de incidente f\u00edsico o t\u00e9cnico.<\/span><\/p>\n<p align=\"justify\"><span lang=\"es-ES\">Verificar, evaluar y valorar, de forma regular, la eficacia de las medidas t\u00e9cnicas y organizativas implantadas para garantizar la seguridad del tratamiento.<\/span><\/p>\n<p align=\"justify\"><span lang=\"es-ES\">Seudonimizar y cifrar los datos personales, en su caso.<\/span><\/p>\n<p align=\"justify\"><span lang=\"es-ES\">No obstante, lo anterior, como Usuario reconoces y aceptas que las medidas de seguridad de Internet no son inexpugnables y que las redes utilizadas en Internet no son 100% seguras, por lo que cualquier comunicaci\u00f3n enviada por este medio, puede ser interceptada y\/o modificada por personas no autorizadas, por lo que como Usuario deber\u00e1s tambi\u00e9n extremar las cautelas.<\/span><\/p>\n<p><strong><span lang=\"es-ES\">AVISO DE VIOLACI\u00d3N DE DATOS PERSONALES O BRECHAS DE SEGURIDAD.<\/span><\/strong><\/p>\n<p align=\"justify\"><span lang=\"es-ES\">La violaci\u00f3n de datos personales supone una brecha de la seguridad de los sistemas de informaci\u00f3n <\/span><span lang=\"es-ES\">que <\/span><span lang=\"es-ES\">provoca <\/span><span lang=\"es-ES\">o <\/span><span lang=\"es-ES\">puede provocar <\/span><span lang=\"es-ES\">la <\/span><span lang=\"es-ES\">destrucci\u00f3n, alteraci\u00f3n, p\u00e9rdida, divulgaci\u00f3n <\/span><span lang=\"es-ES\">no <\/span><span lang=\"es-ES\">autorizada o acceso, accidental o no, a los datos personales transmitidos, almacenados o procesados relacionados con la prestaci\u00f3n de nuestros servicios.<\/span><\/p>\n<p align=\"justify\"><span lang=\"es-ES\">Para el caso de que los datos personales se vean comprometidos de alguna forma, procederemos a notificar oportunamente a los afectados, y conforme a lo dispuesto en el art\u00edculo 33 del RGPD.<\/span><\/p>\n<p><strong><span lang=\"es-ES\">COMUNICACI\u00d3N DE DATOS A TERCEROS.<\/span><\/strong><\/p>\n<p align=\"justify\"><span lang=\"es-ES\">Los datos personales que los usuarios o potenciales clientes nos hayan podido facilitar a trav\u00e9s de nuestra p\u00e1gina web, o durante la prestaci\u00f3n de los servicios, no ser\u00e1n vendidos, trasferidos y\/o intercambiados con terceros no autorizados, salvo por obligaci\u00f3n legal, o en los casos establecidos m\u00e1s abajo en relaci\u00f3n con las transferencias internacionales de datos que se realizan.<\/span><\/p>\n<p align=\"justify\"><span lang=\"es-ES\">Por otro lado, los datos de los Clientes, podr\u00e1n <\/span><strong><span lang=\"es-ES\">cederse a la Administraci\u00f3n Tributaria y a otros<\/span> <\/strong><span lang=\"es-ES\"><strong>\u00d3rganos de la Administraci\u00f3n P\u00fablica<\/strong>,<\/span> <span lang=\"es-ES\">caso de ser requeridos a ello.<\/span><\/p>\n<p><strong><span lang=\"es-ES\">TRANSFERENCIAS INTERNACIONALES DE DATOS.<\/span><\/strong><\/p>\n<p align=\"justify\"><a name=\"_GoBack\"><\/a> <span lang=\"es-ES\">En ESCUELA DIEGO COQUILLAT utilizamos <a href=\"https:\/\/faq.whatsapp.com\/es\/26000092\/?category=5245246\">WhatsApp Business<\/a>. Esta aplicaci\u00f3n es propiedad de <\/span><strong><span lang=\"es-ES\">WhatsApp Inc.<\/span><\/strong><span lang=\"es-ES\">, empresa con domicilio social en Estados Unidos. Por ello, te informamos que en caso que nos contactes a trav\u00e9s de esta aplicaci\u00f3n tus datos podr\u00e1n ser tratados por dicha compa\u00f1\u00eda por lo que te recomendamos leas su <a href=\"https:\/\/www.whatsapp.com\/legal\/?eea=1#privacy-policy\">pol\u00edtica de privacidad<\/a>. <\/span><\/p>\n<p align=\"justify\"><strong><span lang=\"es-ES\">WhatsApp Inc.<\/span><\/strong><span lang=\"es-ES\"> esta adherida al acuerdo de escudo de privacidad (Privacy Shield), este Acuerdo implica que, las empresas que se adhieran voluntariamente al mismo, tendr\u00e1n reconocido un nivel de protecci\u00f3n de datos adecuado a la normativa europea. WhatsApp Inc., se ha adherido a este acuerdo, espec\u00edficamente para su producto\u00bb <\/span><strong><span lang=\"es-ES\">WhatsApp Business<\/span><\/strong><span lang=\"es-ES\">\u00ab, tal como puede verificarse <a href=\"https:\/\/www.privacyshield.gov\/participant?id=a2zt0000000TSnwAAG&amp;status=Active\">aqu\u00ed<\/a> y <a href=\"https:\/\/www.whatsapp.com\/legal\/?lang=es#privacy-shield\">aqu\u00ed<\/a>.<\/span><\/p>\n<p align=\"justify\"><span lang=\"es-ES\">Para quejas o reclamaciones en materia de protecci\u00f3n de datos facilitamos los siguientes datos:<\/span><\/p>\n<p align=\"justify\">Si te encuentras en la regi\u00f3n europea<\/p>\n<p>WhatsApp Ireland Limited<\/p>\n<p>Attn: Privacy Policy<\/p>\n<p>4 Grand Canal Square Grand Canal Harbour<\/p>\n<p><span lang=\"es-ES\">Dublin 2, Irlanda.<\/span><\/p>\n<p><span lang=\"es-ES\">Si te encuentras fuera de la regi\u00f3n europea<\/span><\/p>\n<p>WhatsApp Inc.<\/p>\n<p>Privacy Policy<\/p>\n<p>1601 Willow Road<\/p>\n<p><span lang=\"es-ES\">Menlo Park, California 94025-Estados Unidos.<\/span><\/p>\n<p align=\"justify\"><span lang=\"es-ES\">En <\/span><strong><span lang=\"es-ES\">ESCUELA DIEGO COQUILLAT<\/span><\/strong><span lang=\"es-ES\">, tambi\u00e9n utilizamos <a href=\"https:\/\/mailchimp.com\/en\/\">MailChimp<\/a>. Esta herramienta es propiedad de <\/span><strong><span lang=\"es-ES\">The Rocket Science Group LLC<\/span><\/strong><span lang=\"es-ES\">, empresa con domicilio social en Estados Unidos. En caso que des tu consentimiento al suscribirte a nuestra Newsletter\/Boletines, la direcci\u00f3n de correo electr\u00f3nico informada ser\u00e1 comunicada a dicho prestador de servicios en materia de gesti\u00f3n y administraci\u00f3n de listas de correo electr\u00f3nico, dando lugar a una posible transferencia internacional de datos a EEUU. <\/span><\/p>\n<p align=\"justify\"><span lang=\"es-ES\">Ahora bien, a trav\u00e9s del presente documento informamos a nuestros Usuarios que MailChimp est\u00e1 adherida al convenio Privacy Shield (<a href=\"https:\/\/www.privacyshield.gov\/participant?id=a2zt0000000TO6hAAG&amp;status=Active\">aqu\u00ed<\/a>) y manifiesta en su <a href=\"https:\/\/mailchimp.com\/legal\/privacy\/\">pol\u00edtica de privacidad<\/a>, que cumple con el citado marco de protecci\u00f3n de la Uni\u00f3n Europea y Estados Unidos. <\/span><\/p>\n<p align=\"justify\"><span lang=\"es-ES\">Para quejas o reclamaciones en materia de protecci\u00f3n de datos facilitamos los siguientes datos: <\/span><\/p>\n<p>The Rocket Science Group LLC<\/p>\n<p>675 Ponce De Leon Ave NE, Suite 5000, Atlanta, Georgia 30308<\/p>\n<p><span lang=\"es-ES\">Delegado de Protecci\u00f3n de Datos: <\/span><\/p>\n<p>Meghan Farmer<\/p>\n<p><a href=\"mailto:dpo@mailchimp.com\">dpo@mailchimp.com<\/a><\/p>\n<p>Phone:\u00a0<a href=\"tel:(404)%20806-5843\">(404) 806-5843<\/a><\/p>\n<p align=\"left\"><strong><span lang=\"es-ES\">DERECHOS DE PROTECCI\u00d3N DE DATOS.<\/span><\/strong><\/p>\n<p align=\"justify\"><span lang=\"es-ES\">Cualquier persona, podr\u00e1 ejercitar los <\/span><strong><span lang=\"es-ES\">derechos de acceso, rectificaci\u00f3n, supresi\u00f3n, limitaci\u00f3n del tratamiento, el derecho a la portabilidad, a no ser objeto de tratamiento automatizado, incluida la elaboraci\u00f3n de perfiles y el derecho a oposici\u00f3n <\/span><\/strong><span lang=\"es-ES\">de los datos personales que obran en cualquiera <\/span><span lang=\"es-ES\">de <\/span><span lang=\"es-ES\">los <\/span><span lang=\"es-ES\">ficheros <\/span><span lang=\"es-ES\">de <\/span><span lang=\"es-ES\">que <\/span><span lang=\"es-ES\">es <\/span><span lang=\"es-ES\">Responsable <\/span><strong><span lang=\"es-ES\">ESCUELA DIEGO COQUILLAT<\/span><\/strong><span lang=\"es-ES\">, <\/span><span lang=\"es-ES\">solicit\u00e1ndolo <\/span><span lang=\"es-ES\">por <\/span><span lang=\"es-ES\">cualquier <\/span><span lang=\"es-ES\">medio que <\/span><span lang=\"es-ES\">deje<\/span> <span lang=\"es-ES\">constancia de su env\u00edo y recepci\u00f3n, expresando claramente su deseo y acompa\u00f1ando fotocopia de su DNI y cuantos documentos sean necesarios para acreditar su identidad.<\/span><\/p>\n<p align=\"justify\"><span lang=\"es-ES\">No debe olvidarse indicar los motivos que justifiquen el ejercicio del derecho. Para ello, se podr\u00e1 dirigir un escrito, bien a la direcci\u00f3n de correo electr\u00f3nico info@diegocoquillat.com, o a la direcci\u00f3n C\/ Puente Ortices, n\u00ba7-2\u00aa izq de Elche (Alicante).<\/span><\/p>\n<p align=\"justify\"><span lang=\"es-ES\">Tenemos a disposici\u00f3n de los Usuarios formularios para el ejercicio de estos derechos, pueden solicitarlos en nuestro <\/span><span lang=\"es-ES\">formulario de contacto<\/span><span lang=\"es-ES\">.<\/span><\/p>\n<p><strong><span lang=\"es-ES\">\u00bfQu\u00e9 puede solicitar exactamente?<\/span><\/strong><\/p>\n<p align=\"justify\"><strong><span lang=\"es-ES\">Derecho de acceso: <\/span><\/strong><span lang=\"es-ES\">Podr\u00e1 solicitar informaci\u00f3n sobre si <\/span><strong><span lang=\"es-ES\">ESCUELA DIEGO COQUILLAT <\/span><\/strong><span lang=\"es-ES\">est\u00e1 tratando datos personales suyos.<\/span><\/p>\n<p align=\"justify\"><strong><span lang=\"es-ES\">Derecho de rectificaci\u00f3n<\/span><\/strong><span lang=\"es-ES\"><strong>:<\/strong> Podr\u00e1 solicitar la rectificaci\u00f3n de los datos, en caso de que \u00e9stos sean incorrectos, as\u00ed como la supresi\u00f3n de los mismos.<\/span><\/p>\n<p align=\"justify\"><strong><span lang=\"es-ES\">Derecho de cancelaci\u00f3n<\/span><\/strong><span lang=\"es-ES\"><strong>:<\/strong> Podr\u00e1 solicitar la cancelaci\u00f3n de los datos; y en caso de que exista alguna limitaci\u00f3n, conservar\u00e1 los datos debidamente bloqueados, \u00fanicamente para el ejercicio o defensa de reclamaciones.<\/span><\/p>\n<p align=\"justify\"><strong><span lang=\"es-ES\">Derecho de oposici\u00f3n<\/span><\/strong><span lang=\"es-ES\"><strong>:<\/strong> Podr\u00e1 solicitar que dejemos de tratar los datos en la forma manifestada, a menos que por motivos leg\u00edtimos debamos de seguir trat\u00e1ndolos, circunstancia que manifestaremos expresamente.<\/span><\/p>\n<p align=\"justify\"><strong><span lang=\"es-ES\">Derecho a solicitar la limitaci\u00f3n de su tratamiento<\/span><\/strong><span lang=\"es-ES\"><strong>:<\/strong> Podr\u00e1 solicitar en cualquier momento que limitemos el tratamiento de los datos cuando se d\u00e9 alguno de los siguientes casos:<\/span><\/p>\n<ul>\n<li>\n<p align=\"justify\"><span lang=\"es-ES\">Cuando impugne <\/span><span lang=\"es-ES\">la <\/span><span lang=\"es-ES\">precisi\u00f3n <\/span><span lang=\"es-ES\">de <\/span><span lang=\"es-ES\">los <\/span><span lang=\"es-ES\">datos tratados <\/span><span lang=\"es-ES\">y <\/span><span lang=\"es-ES\">durante <\/span><span lang=\"es-ES\">un <\/span><span lang=\"es-ES\">per\u00edodo <\/span><span lang=\"es-ES\">que <\/span><span lang=\"es-ES\">permita <\/span><span lang=\"es-ES\">a <\/span><strong><span lang=\"es-ES\">ESCUELA DIEGO COQUILLAT<\/span> <\/strong><span lang=\"es-ES\">comprobar la exactitud de los mismos.<\/span><\/p>\n<\/li>\n<\/ul>\n<ul>\n<li>\n<p align=\"justify\"><span lang=\"es-ES\">Cuando el tratamiento de los datos sea ilegal conforme a la legislaci\u00f3n vigente y el afectado opte por la restricci\u00f3n de su uso en lugar de por su eliminaci\u00f3n.<\/span><\/p>\n<\/li>\n<\/ul>\n<ul>\n<li>\n<p align=\"justify\"><span lang=\"es-ES\">Cuando el afectado requiera sus datos para el establecimiento, ejercicio o defensa de reclamaciones legales.<\/span><\/p>\n<\/li>\n<\/ul>\n<p align=\"justify\"><strong><span lang=\"es-ES\">Derecho a la portabilidad de datos<\/span><\/strong><span lang=\"es-ES\"><strong>:<\/strong> De manera que, en caso de que los datos se traten de forma automatizada, los mismos sean devueltos o se trasfieran a otra empresa indicada por el Usuario en un formato estructurado, automatizado y de uso com\u00fan.<\/span><\/p>\n<p align=\"justify\"><strong><span lang=\"es-ES\">Derecho de supresi\u00f3n<\/span><\/strong><span lang=\"es-ES\"><strong>:<\/strong> Podr\u00e1 solicitar el borrado de sus datos personales y <\/span><strong><span lang=\"es-ES\">ESCUELA DIEGO COQUILLAT <\/span><\/strong><span lang=\"es-ES\">deber\u00e1 borrarlos sin demora injustificada cuando:<\/span><\/p>\n<ul>\n<li>\n<p align=\"justify\"><span lang=\"es-ES\">Los datos ya no sean necesarios en relaci\u00f3n con los fines para los que fueron recopilados o procesados.<\/span><\/p>\n<\/li>\n<\/ul>\n<ul>\n<li>\n<p align=\"justify\"><span lang=\"es-ES\">El afectado retira el consentimiento en el que se basa el tratamiento de los datos, y no existe otro fundamento jur\u00eddico para ello.<\/span><\/p>\n<\/li>\n<\/ul>\n<ul>\n<li>\n<p align=\"justify\"><span lang=\"es-ES\">El afectado se opone al tratamiento porque este tiene como finalidad el marketing directo de productos. Los datos han sido procesados ilegalmente.<\/span><\/p>\n<\/li>\n<\/ul>\n<ul>\n<li>\n<p align=\"justify\"><span lang=\"es-ES\">Los datos deban borrarse para cumplir con una obligaci\u00f3n legal a nivel comunitario y\/o nacional.<\/span><\/p>\n<\/li>\n<\/ul>\n<p align=\"justify\"><strong><span lang=\"es-ES\">Adem\u00e1s, los Usuarios disponen de otros derechos, a saber<\/span><span lang=\"es-ES\">:<\/span><\/strong><\/p>\n<p align=\"justify\"><strong><span lang=\"es-ES\">Derecho a retirar el consentimiento prestado<\/span><\/strong><span lang=\"es-ES\"><strong>:<\/strong> El Usuario, puede retirar el consentimiento prestado para el tratamiento de datos personales para alguna finalidad espec\u00edfica, cuando as\u00ed lo desee, tan s\u00f3lo debe ponerse en contacto con nosotros ejercitando este derecho.<\/span><\/p>\n<p align=\"justify\"><strong><span lang=\"es-ES\">Derecho a reclamar ante la Autoridad de Control: <\/span><\/strong><span lang=\"es-ES\">Cualquier Usuario podr\u00e1 dirigirse a la Autoridad de Control, en caso de que considere que, <\/span><strong><span lang=\"es-ES\">ESCUELA DIEGO COQUILLAT <\/span><\/strong><span lang=\"es-ES\">est\u00e1 tratando sus datos de manera err\u00f3nea. En el caso de Espa\u00f1a, la autoridad de control es la <\/span><a href=\"http:\/\/www.agpd.es\/portalwebAGPD\/index-ides-idphp.php\"><span lang=\"es-ES\">Agencia Espa\u00f1ola de Protecci\u00f3n de Datos<\/span><\/a><span lang=\"es-ES\">, domicilio en C\/ Jorge Juan, 6, 28001-Madrid y tel\u00e9fonos de contacto: 901 100 099 \/ 91 266 35 17.<\/span><\/p>\n<p align=\"left\"><strong><span lang=\"es-ES\">REDES SOCIALES<\/span><\/strong><\/p>\n<p align=\"justify\"><strong><span lang=\"es-ES\">ESCUELA DIEGO COQUILLAT <\/span><\/strong><span lang=\"es-ES\">est\u00e1 presente en Twitter, Facebook, Instagram y LinkedIn, sin perjuicio de que pueda utilizar otras en el futuro.<\/span><\/p>\n<p align=\"justify\"><span lang=\"es-ES\">Es por ello que, a trav\u00e9s de esta Pol\u00edtica de Privacidad, se reconoce responsable del tratamiento en relaci\u00f3n con los datos publicados por <\/span><strong><span lang=\"es-ES\">ESCUELA DIEGO COQUILLAT <\/span><\/strong><span lang=\"es-ES\">en dichas plataformas, as\u00ed como de los datos que los Usuarios env\u00eden a <\/span><strong><span lang=\"es-ES\">ESCUELA DIEGO COQUILLAT <\/span><\/strong><span lang=\"es-ES\">con el fin de ser extra\u00eddos -por ejemplo, comunicaciones para que <\/span><strong><span lang=\"es-ES\">ESCUELA DIEGO COQUILLAT <\/span><\/strong><span lang=\"es-ES\">atienda una consulta.<\/span><\/p>\n<p align=\"justify\"><span lang=\"es-ES\">No obstante, lo anterior, a trav\u00e9s de los perfiles, <\/span><strong><span lang=\"es-ES\">ESCUELA DIEGO COQUILLAT <\/span><\/strong><span lang=\"es-ES\">no comparte ni comunica ninguna informaci\u00f3n personal de los Usuarios, \u201c<\/span><span lang=\"es-ES\">seguidores<\/span><span lang=\"es-ES\">\u201d de Twitter, Facebook, etc.<\/span><\/p>\n<p align=\"justify\"><span lang=\"es-ES\">Aprovechamos la presente Pol\u00edtica de Privacidad para informar a los Usuarios que, el perfil de <\/span><strong><span lang=\"es-ES\">ESCUELA DIEGO COQUILLAT <\/span><\/strong><span lang=\"es-ES\">en las citadas redes sociales, est\u00e1 abierto al p\u00fablico en general, sin limitaci\u00f3n de acceso a otros usuarios, con la finalidad de que nuestra marca, cursos o programas de formaci\u00f3n, etc. sean vistos por la mayor cantidad de personas posibles. Es por ello por lo que, en caso de que los Usuarios, seguidores de nuestros perfiles env\u00eden en nuestro muro informaci\u00f3n de car\u00e1cter personal, ser\u00e1 su exclusiva responsabilidad.<\/span><\/p>\n<p align=\"justify\"><span lang=\"es-ES\">Cualquiera que no desee ser \u201c<\/span><span lang=\"es-ES\">seguidor<\/span><span lang=\"es-ES\">\u201d de <\/span><strong><span lang=\"es-ES\">ESCUELA DIEGO COQUILLAT <\/span><\/strong><span lang=\"es-ES\">en las redes sociales en las que est\u00e1 presente, tan s\u00f3lo tiene que dejar de seguir dicho perfil siguiendo lo dispuesto en las Pol\u00edticas de Privacidad y T\u00e9rminos y Condiciones de la red social en cuesti\u00f3n. Los datos de los Usuarios subidos a nuestros perfiles permanecer\u00e1n en estos desde que el Usuario presta su consentimiento hasta que lo retire, solicit\u00e1ndolo a la plataforma.<\/span><\/p>\n<p align=\"justify\"><span lang=\"es-ES\">El tratamiento que <\/span><strong><span lang=\"es-ES\">ESCUELA DIEGO COQUILLAT <\/span><\/strong><span lang=\"es-ES\">realice dentro de las redes sociales, ser\u00e1 como m\u00e1ximo, el que la red social permita a los perfiles corporativos. Por lo que <\/span><strong><span lang=\"es-ES\">ESCUELA DIEGO COQUILLAT <\/span><\/strong><span lang=\"es-ES\">podr\u00e1 informar, cuando la ley no lo proh\u00edba, a sus seguidores, y, por cualquier v\u00eda que permita la red social, sobre sus actividades, concursos, cert\u00e1menes, servicios, etc. as\u00ed como prestar servicio personalizado de atenci\u00f3n al cliente a trav\u00e9s de la red social.<\/span><\/p>\n<p align=\"justify\"><span lang=\"es-ES\">Cualquier Usuario podr\u00e1 ejercer los derechos de protecci\u00f3n de datos, poni\u00e9ndose en contacto con <\/span><strong><span lang=\"es-ES\">ESCUELA DIEGO COQUILLAT <\/span><\/strong><span lang=\"es-ES\">en la direcci\u00f3n y correo electr\u00f3nico indicado en el apartado correspondiente a los mismos.<\/span><\/p>\n<p align=\"justify\"><span lang=\"es-ES\">En ning\u00fan caso <\/span><strong><span lang=\"es-ES\">ESCUELA DIEGO COQUILLAT <\/span><\/strong><span lang=\"es-ES\">extraer\u00e1 datos de las redes sociales si no cuenta con el consentimiento expreso del usuario para ello.<\/span><\/p>\n<p align=\"justify\"><span lang=\"es-ES\">Recomendamos a los Usuarios encarecidamente lean las Pol\u00edticas de Privacidad y T\u00e9rminos y Condiciones de las redes sociales donde estamos presentes.<\/span><\/p>\n<p align=\"left\"><strong><span lang=\"es-ES\">CONDICIONES.<\/span><\/strong><\/p>\n<p align=\"justify\"><span lang=\"es-ES\">Recomendamos encarecidamente a los Usuarios que visiten tambi\u00e9n las secciones <\/span><span lang=\"es-ES\">Condiciones generales de contrataci\u00f3n<\/span><span lang=\"es-ES\">, <\/span><span lang=\"es-ES\">Aviso Legal<\/span> <span lang=\"es-ES\">y <\/span><span lang=\"es-ES\">Pol\u00edtica de Cookies<\/span> <span lang=\"es-ES\">que regulan, entre muchos otros aspectos, el uso, renuncias y limitaciones de responsabilidad que rigen en este sitio web.<\/span><\/p>\n<p align=\"justify\"><span lang=\"es-ES\">\u00daltima modificaci\u00f3n 08 de Agosto de 2019<\/span><\/p>\n","protected":false},"excerpt":{"rendered":"<p>Con el objeto de garantizar y proteger la privacidad y la confidencialidad de los datos de car\u00e1cter personal de los Usuarios de nuestra p\u00e1gina web y con el fin de proteger su intimidad y privacidad, hemos redactado, de conformidad con la legislaci\u00f3n vigente, la presente Pol\u00edtica de Privacidad. Los t\u00e9rminos recogidos a continuaci\u00f3n y en especial el deber de confidencialidad&#8230;<\/p>\n","protected":false},"author":1,"featured_media":0,"parent":0,"menu_order":0,"comment_status":"closed","ping_status":"closed","template":"","meta":{"jetpack_post_was_ever_published":false},"yoast_head":"<!-- This site is optimized with the Yoast SEO plugin v20.2 - https:\/\/yoast.com\/wordpress\/plugins\/seo\/ -->\n<title>Pol\u00edtica de Privacidad - Consultor\u00eda Diego Coquillat - Consultor\u00eda Marketing Digital e Innovaci\u00f3n para Restaurantes y Gastronom\u00eda<\/title>\n<meta name=\"description\" content=\"Consultor\u00eda Diego Coquillat\" \/>\n<meta name=\"robots\" content=\"index, follow, max-snippet:-1, max-image-preview:large, max-video-preview:-1\" \/>\n<link rel=\"canonical\" href=\"https:\/\/www.diegocoquillat.com\/consultoria\/politica-de-privacidad\/\" \/>\n<meta property=\"og:locale\" content=\"es_ES\" \/>\n<meta property=\"og:type\" content=\"article\" \/>\n<meta property=\"og:title\" content=\"Pol\u00edtica de Privacidad - Consultor\u00eda Diego Coquillat - Consultor\u00eda Marketing Digital e Innovaci\u00f3n para Restaurantes y Gastronom\u00eda\" \/>\n<meta property=\"og:description\" content=\"Consultor\u00eda Diego Coquillat\" \/>\n<meta property=\"og:url\" content=\"https:\/\/www.diegocoquillat.com\/consultoria\/politica-de-privacidad\/\" \/>\n<meta property=\"og:site_name\" content=\"Consultor\u00eda Diego Coquillat - Consultor\u00eda Marketing Digital e Innovaci\u00f3n para Restaurantes y Gastronom\u00eda\" \/>\n<meta property=\"article:modified_time\" content=\"2020-07-31T10:32:07+00:00\" \/>\n<meta name=\"twitter:card\" content=\"summary_large_image\" \/>\n<meta name=\"twitter:label1\" content=\"Tiempo de lectura\" \/>\n\t<meta name=\"twitter:data1\" content=\"21 minutos\" \/>\n<script type=\"application\/ld+json\" class=\"yoast-schema-graph\">{\"@context\":\"https:\/\/schema.org\",\"@graph\":[{\"@type\":\"WebPage\",\"@id\":\"https:\/\/www.diegocoquillat.com\/consultoria\/politica-de-privacidad\/\",\"url\":\"https:\/\/www.diegocoquillat.com\/consultoria\/politica-de-privacidad\/\",\"name\":\"Pol\u00edtica de Privacidad - Consultor\u00eda Diego Coquillat - Consultor\u00eda Marketing Digital e Innovaci\u00f3n para Restaurantes y Gastronom\u00eda\",\"isPartOf\":{\"@id\":\"https:\/\/www.diegocoquillat.com\/consultoria\/#website\"},\"datePublished\":\"2019-09-04T10:20:42+00:00\",\"dateModified\":\"2020-07-31T10:32:07+00:00\",\"description\":\"Consultor\u00eda Diego Coquillat\",\"breadcrumb\":{\"@id\":\"https:\/\/www.diegocoquillat.com\/consultoria\/politica-de-privacidad\/#breadcrumb\"},\"inLanguage\":\"es\",\"potentialAction\":[{\"@type\":\"ReadAction\",\"target\":[\"https:\/\/www.diegocoquillat.com\/consultoria\/politica-de-privacidad\/\"]}]},{\"@type\":\"BreadcrumbList\",\"@id\":\"https:\/\/www.diegocoquillat.com\/consultoria\/politica-de-privacidad\/#breadcrumb\",\"itemListElement\":[{\"@type\":\"ListItem\",\"position\":1,\"name\":\"Portada\",\"item\":\"https:\/\/www.diegocoquillat.com\/consultoria\/\"},{\"@type\":\"ListItem\",\"position\":2,\"name\":\"Pol\u00edtica de Privacidad\"}]},{\"@type\":\"WebSite\",\"@id\":\"https:\/\/www.diegocoquillat.com\/consultoria\/#website\",\"url\":\"https:\/\/www.diegocoquillat.com\/consultoria\/\",\"name\":\"Consultor\u00eda Diego Coquillat - Consultor\u00eda Marketing Digital e Innovaci\u00f3n para Restaurantes y Gastronom\u00eda\",\"description\":\"Consultor\u00eda Diego Coquillat\",\"potentialAction\":[{\"@type\":\"SearchAction\",\"target\":{\"@type\":\"EntryPoint\",\"urlTemplate\":\"https:\/\/www.diegocoquillat.com\/consultoria\/?s={search_term_string}\"},\"query-input\":\"required name=search_term_string\"}],\"inLanguage\":\"es\"}]}<\/script>\n<!-- \/ Yoast SEO plugin. -->","yoast_head_json":{"title":"Pol\u00edtica de Privacidad - Consultor\u00eda Diego Coquillat - Consultor\u00eda Marketing Digital e Innovaci\u00f3n para Restaurantes y Gastronom\u00eda","description":"Consultor\u00eda Diego Coquillat","robots":{"index":"index","follow":"follow","max-snippet":"max-snippet:-1","max-image-preview":"max-image-preview:large","max-video-preview":"max-video-preview:-1"},"canonical":"https:\/\/www.diegocoquillat.com\/consultoria\/politica-de-privacidad\/","og_locale":"es_ES","og_type":"article","og_title":"Pol\u00edtica de Privacidad - Consultor\u00eda Diego Coquillat - Consultor\u00eda Marketing Digital e Innovaci\u00f3n para Restaurantes y Gastronom\u00eda","og_description":"Consultor\u00eda Diego Coquillat","og_url":"https:\/\/www.diegocoquillat.com\/consultoria\/politica-de-privacidad\/","og_site_name":"Consultor\u00eda Diego Coquillat - Consultor\u00eda Marketing Digital e Innovaci\u00f3n para Restaurantes y Gastronom\u00eda","article_modified_time":"2020-07-31T10:32:07+00:00","twitter_card":"summary_large_image","twitter_misc":{"Tiempo de lectura":"21 minutos"},"schema":{"@context":"https:\/\/schema.org","@graph":[{"@type":"WebPage","@id":"https:\/\/www.diegocoquillat.com\/consultoria\/politica-de-privacidad\/","url":"https:\/\/www.diegocoquillat.com\/consultoria\/politica-de-privacidad\/","name":"Pol\u00edtica de Privacidad - Consultor\u00eda Diego Coquillat - Consultor\u00eda Marketing Digital e Innovaci\u00f3n para Restaurantes y Gastronom\u00eda","isPartOf":{"@id":"https:\/\/www.diegocoquillat.com\/consultoria\/#website"},"datePublished":"2019-09-04T10:20:42+00:00","dateModified":"2020-07-31T10:32:07+00:00","description":"Consultor\u00eda Diego Coquillat","breadcrumb":{"@id":"https:\/\/www.diegocoquillat.com\/consultoria\/politica-de-privacidad\/#breadcrumb"},"inLanguage":"es","potentialAction":[{"@type":"ReadAction","target":["https:\/\/www.diegocoquillat.com\/consultoria\/politica-de-privacidad\/"]}]},{"@type":"BreadcrumbList","@id":"https:\/\/www.diegocoquillat.com\/consultoria\/politica-de-privacidad\/#breadcrumb","itemListElement":[{"@type":"ListItem","position":1,"name":"Portada","item":"https:\/\/www.diegocoquillat.com\/consultoria\/"},{"@type":"ListItem","position":2,"name":"Pol\u00edtica de Privacidad"}]},{"@type":"WebSite","@id":"https:\/\/www.diegocoquillat.com\/consultoria\/#website","url":"https:\/\/www.diegocoquillat.com\/consultoria\/","name":"Consultor\u00eda Diego Coquillat - Consultor\u00eda Marketing Digital e Innovaci\u00f3n para Restaurantes y Gastronom\u00eda","description":"Consultor\u00eda Diego Coquillat","potentialAction":[{"@type":"SearchAction","target":{"@type":"EntryPoint","urlTemplate":"https:\/\/www.diegocoquillat.com\/consultoria\/?s={search_term_string}"},"query-input":"required name=search_term_string"}],"inLanguage":"es"}]}},"jetpack_sharing_enabled":true,"jetpack_shortlink":"https:\/\/wp.me\/PeD8lY-1Qe","_links":{"self":[{"href":"https:\/\/www.diegocoquillat.com\/consultoria\/wp-json\/wp\/v2\/pages\/7082"}],"collection":[{"href":"https:\/\/www.diegocoquillat.com\/consultoria\/wp-json\/wp\/v2\/pages"}],"about":[{"href":"https:\/\/www.diegocoquillat.com\/consultoria\/wp-json\/wp\/v2\/types\/page"}],"author":[{"embeddable":true,"href":"https:\/\/www.diegocoquillat.com\/consultoria\/wp-json\/wp\/v2\/users\/1"}],"replies":[{"embeddable":true,"href":"https:\/\/www.diegocoquillat.com\/consultoria\/wp-json\/wp\/v2\/comments?post=7082"}],"version-history":[{"count":4,"href":"https:\/\/www.diegocoquillat.com\/consultoria\/wp-json\/wp\/v2\/pages\/7082\/revisions"}],"predecessor-version":[{"id":7267,"href":"https:\/\/www.diegocoquillat.com\/consultoria\/wp-json\/wp\/v2\/pages\/7082\/revisions\/7267"}],"wp:attachment":[{"href":"https:\/\/www.diegocoquillat.com\/consultoria\/wp-json\/wp\/v2\/media?parent=7082"}],"curies":[{"name":"wp","href":"https:\/\/api.w.org\/{rel}","templated":true}]}}